{"id":7791,"date":"2025-08-28T16:47:26","date_gmt":"2025-08-28T14:47:26","guid":{"rendered":"https:\/\/priroda-uvadi.cz\/beauty\/?post_type=product&#038;p=7791"},"modified":"2026-02-03T15:42:44","modified_gmt":"2026-02-03T14:42:44","slug":"vyrovnavajici-tonikum-na-pokozku-hlavy-duologi-75ml","status":"publish","type":"product","link":"https:\/\/priroda-uvadi.cz\/beauty\/produkt\/vyrovnavajici-tonikum-na-pokozku-hlavy-duologi-75ml\/","title":{"rendered":"Vyrovn\u00e1vaj\u00edc\u00ed tonikum na poko\u017eku hlavy DUOLOGI  75ml"},"content":{"rendered":"<p class=\"MuiTypography-root MuiTypography-body1 products-app-emotion-1qn0wr5\"><span style=\"font-family: arial, helvetica, sans-serif; color: #000000;\">Vyrovn\u00e1vaj\u00edc\u00ed tonikum na poko\u017eku hlavy je zklid\u0148uj\u00edc\u00ed elix\u00edr pro lok\u00e1ln\u00ed aplikaci, kter\u00fd vlasovou poko\u017eku okam\u017eit\u011b zklid\u0148uje, zm\u00edr\u0148uje jej\u00ed vysou\u0161en\u00ed a tvorbu \u0161upinek a podporuje celkov\u00e9 pohodl\u00ed.<\/span><\/p>\n<p><span style=\"font-family: arial, helvetica, sans-serif; color: #000000;\"><strong class=\"MuiTypography-root MuiTypography-body1 products-app-emotion-1rnazt1\">Zklid\u0148uje a ti\u0161\u00ed suchou, \u0161upinatou vlasovou poko\u017eku<\/strong>*<\/span><br \/>\n<span style=\"font-family: arial, helvetica, sans-serif; color: #000000;\"><strong class=\"MuiTypography-root MuiTypography-body1 products-app-emotion-1rnazt1\">Poko\u017eka hlavy c\u00edt\u00ed zklidn\u011bn\u00ed ji\u017e po 1 t\u00fddnu* \u2013 10\/10 souhlas\u00ed<\/strong><\/span><\/p>\n<p class=\"MuiTypography-root MuiTypography-body1 products-app-emotion-1qn0wr5\"><span style=\"font-family: arial, helvetica, sans-serif; color: #000000;\">Obsahuje aminokyselinu sarkosin, mocnou p\u0159\u00edsadu, kter\u00e1 pom\u00e1h\u00e1 vyv\u00e1\u017eit mikrobiom vlasov\u00e9 poko\u017eky a zm\u00edrnit tvorbu ko\u017en\u00edho mazu.<\/span><\/p>\n<p class=\"MuiTypography-root MuiTypography-body1 products-app-emotion-1qn0wr5\"><span style=\"font-family: arial, helvetica, sans-serif; color: #000000;\">Lehou\u010dk\u00e1, hedv\u00e1bn\u011b jemn\u00e1 textura s\u00e9ra je perfektn\u00ed pro citlivou vlasovou poko\u017eku, rychle se vst\u0159eb\u00e1v\u00e1 a nezanech\u00e1v\u00e1 po sob\u011b \u017e\u00e1dn\u00e9 zbytky (a ko\u0159\u00ednky tak nebudou p\u016fsobit mastn\u00fdm dojmem!) \u2013 poko\u017eka hlavy je pocitov\u011b zdrav\u011bj\u0161\u00ed, sv\u011b\u017eej\u0161\u00ed a hydratovan\u00e1, bez mastn\u00fdch ko\u0159\u00ednk\u016f.<\/span><\/p>\n<p><span style=\"font-family: arial, helvetica, sans-serif; color: #000000;\">JAK POU\u017d\u00cdVAT:<\/span><\/p>\n<p><span style=\"font-family: arial, helvetica, sans-serif; color: #000000;\">3-4 pipetky tonika naneste p\u0159\u00edmo na citliv\u00e1 m\u00edsta vlhk\u00e9 poko\u017eky hlavy a jemn\u011b vmas\u00edrujte \u0161pi\u010dkami prst\u016f (nebo pom\u016fckou na mas\u00e1\u017e hlavy). Neoplachujte. Pou\u017e\u00edvejte 3 x t\u00fddn\u011b<\/span><\/p>\n<p class=\"MuiTypography-root MuiTypography-body1 products-app-emotion-1qn0wr5\"><span style=\"font-family: arial, helvetica, sans-serif; color: #000000;\">Aktivn\u00ed p\u0159\u00edsady, kter\u00e9 miluj\u00ed jak vlasy, tak vlasovou poko\u017eku, spolu s p\u0159\u00edsadami p\u00e9\u010de o ple\u0165 va\u0161e vlasy \u010dist\u00ed, hydratuj\u00ed a pe\u010duj\u00ed o n\u011b od ko\u0159\u00ednk\u016f.<\/span><\/p>\n<p><span style=\"font-family: arial, helvetica, sans-serif; color: #000000;\"><strong class=\"MuiTypography-root MuiTypography-body1 products-app-emotion-1rnazt1\">Sarkosin<\/strong>\u00a0zlep\u0161uje celkov\u00e9 zdrav\u00ed vlasov\u00e9 poko\u017eky a pom\u00e1h\u00e1 ji zklidnit t\u00edm, \u017ee zm\u00edr\u0148uje jej\u00ed pot\u00ed\u017ee. Tato p\u0159irozen\u011b se vyskytuj\u00edc\u00ed\u00a0<strong class=\"MuiTypography-root MuiTypography-body1 products-app-emotion-1rnazt1\">aminokyselina<\/strong>\u00a0obecn\u011b prosp\u00edv\u00e1 vlasov\u00e9 poko\u017ece a je zklid\u0148uj\u00edc\u00edm spojencem p\u0159i jej\u00ed citlivosti, pom\u00e1h\u00e1 vyv\u00e1\u017eit mikrobiom a zm\u00edrnit mastnotu \u2013 \u010d\u00edm\u017e tak\u00e9 p\u0159edch\u00e1z\u00ed nadu\u017e\u00edv\u00e1n\u00ed \u0161amponu.<\/span><\/p>\n<p><span style=\"font-family: arial, helvetica, sans-serif; color: #000000;\"><strong class=\"MuiTypography-root MuiTypography-body1 products-app-emotion-1rnazt1\">V\u0161e, co chcete \u2013 a nic z toho, co nechcete.<\/strong><\/span><\/p>\n<p class=\"MuiTypography-root MuiTypography-body1 products-app-emotion-1qn0wr5\"><span style=\"font-family: arial, helvetica, sans-serif; color: #000000;\">Na\u0161e vysoce \u00fa\u010dinn\u00e9 p\u0159\u00edpravky vlasov\u00e9 p\u00e9\u010de neobsahuj\u00ed parabeny ani silikonov\u00e9 oplachov\u00e9 p\u0159\u00edsady a p\u016fsob\u00ed jako p\u00e9\u010de o ple\u0165 pro va\u0161e vlasy.<\/span><\/p>\n<p>&#8212;&#8212;&#8212;&#8212;&#8212;&#8212;&#8212;&#8212;&#8212;&#8212;&#8212;&#8212;&#8212;&#8212;&#8212;&#8212;&#8212;&#8212;&#8212;&#8212;&#8212;&#8212;&#8212;&#8212;&#8212;&#8212;&#8212;&#8212;&#8212;&#8212;&#8212;&#8212;&#8212;&#8212;&#8212;&#8212;&#8212;-<\/p>\n<div class=\"products-app-emotion-1q7njkh\">\n<div class=\"TextWithHtml-root products-app-emotion-1q94rgb\">\n<div class=\"TextWithHtml-text products-app-emotion-18slqyo\" data-testid=\"Presentation-product-detail-wysiwyg\"><span style=\"font-family: arial, helvetica, sans-serif; font-size: 10pt;\">AQUA, ALCOHOL DENAT., GLYCERIN, OLETH-20, PROPYLENE GLYCOL, SALICYLIC ACID, SARCOSINE, SODIUM HYDROXIDE, BISABOLOL, TOCOPHERYL ACETATE, PARFUM<\/span><\/div>\n<\/div>\n<\/div>\n<p>&nbsp;<\/p>\n<p class=\"MuiTypography-root MuiTypography-body1 products-app-emotion-1qn0wr5\">*Spot\u0159ebitelsky testov\u00e1no<\/p>\n<div class=\"products-app-emotion-1nacawr\">\n<div class=\"products-app-emotion-bco1gb\">\n<p class=\"MuiTypography-root MuiTypography-body1 products-app-emotion-1qn0wr5\" data-testid=\"Presentation-product-detail-dimensions\">Rozm\u011bry: D\u00e9lka 120mm, V\u00fd\u0161ka 45mm, Hloubka 45mm, Hmotnost 92g<\/p>\n<p class=\"MuiTypography-root MuiTypography-body1 products-app-emotion-1qn0wr5\" data-testid=\"Presentation-product-detail-full-product-name\">\u00dapln\u00fd n\u00e1zev produktu: Vyrovn\u00e1vaj\u00edc\u00ed tonikum na poko\u017eku hlavy DUOLOGI<\/p>\n<\/div>\n<\/div>\n","protected":false},"excerpt":{"rendered":"<p><span style=\"font-family: arial, helvetica, sans-serif; color: #000000;\">Tonikum k lok\u00e1ln\u00ed aplikaci okam\u017eit\u011b zklid\u0148uje citlivou vlasovou poko\u017eku, zm\u00edr\u0148uje vysou\u0161en\u00ed a tvorbu lup\u016f a vytv\u00e1\u0159\u00ed p\u0159\u00edjemn\u011bj\u0161\u00ed pocit \u2013 vlasov\u00e1 poko\u017eka se c\u00edt\u00ed zdrav\u011bj\u0161\u00ed, sv\u011b\u017eej\u0161\u00ed a hydratovan\u00e1, bez mastn\u00fdch ko\u0159\u00ednk\u016f.<\/span><\/p>\n<ul class=\"products-app-emotion-tr0r3x\">\n<li data-testid=\"Presentation-product-detail-product-benefit\"><span style=\"font-family: arial, helvetica, sans-serif; color: #000000;\">Zklid\u0148uje a ti\u0161\u00ed suchou, \u0161upinatou poko\u017eku hlavy<\/span><\/li>\n<li data-testid=\"Presentation-product-detail-product-benefit\"><span style=\"font-family: arial, helvetica, sans-serif; color: #000000;\">D\u00edky aminokyselin\u011b sarkosin pom\u00e1h\u00e1 vyv\u00e1\u017eit mikrobiom vlasov\u00e9 poko\u017eky a redukovat tvorbu ko\u017en\u00edho mazu<\/span><\/li>\n<li data-testid=\"Presentation-product-detail-product-benefit\"><span style=\"font-family: arial, helvetica, sans-serif; color: #000000;\">Lehou\u010dk\u00e1, hedv\u00e1bn\u00e1 textura se rychle vst\u0159eb\u00e1v\u00e1 a nezanech\u00e1v\u00e1 \u017e\u00e1dn\u00e9 zbytky (tak\u017ee se nemus\u00edte b\u00e1t mastn\u00e9ho vzhledu ko\u0159\u00ednk\u016f!)<\/span><\/li>\n<\/ul>\n<p><span style=\"font-family: arial, helvetica, sans-serif; color: #000000;\">75ml<\/span><\/p>\n<p><strong><span style=\"font-family: arial, helvetica, sans-serif; color: #ff0000;\">EX 03\/2026<\/span><\/strong><\/p>\n<div class=\"woocommerce-product-details__short-description\">\n<div class=\"woocommerce-product-details__short-description\">\n<div>\n<div class=\"product-detail-o40nju\" data-testid=\"Presentation-product-detail-price-section\"><span class=\"MuiTypography-root MuiTypography-caption product-detail-8q5iga\" style=\"font-family: arial, helvetica, sans-serif; font-size: 10pt;\" data-testid=\"Presentation-product-detail-LowestPreviousPrice\">Nejni\u017e\u0161\u00ed cena platn\u00e1 ve 30 dnech p\u0159ed platnost\u00ed sou\u010dasn\u00e9 ceny byla 100 K\u010d<\/span><\/div>\n<div data-testid=\"Presentation-product-detail-price-section\"><\/div>\n<\/div>\n<\/div>\n<\/div>\n","protected":false},"featured_media":7792,"comment_status":"closed","ping_status":"closed","template":"","meta":[],"pwb-brand":[27],"product_brand":[91],"product_cat":[32],"product_tag":[],"class_list":{"0":"post-7791","1":"product","2":"type-product","3":"status-publish","4":"has-post-thumbnail","6":"pwb-brand-https-cz-oriflame-com-cataloguesstorebeautyobchod","7":"product_brand-oriflame","8":"product_cat-pece-o-vlasy","10":"first","11":"instock","12":"sale","13":"taxable","14":"shipping-taxable","15":"purchasable","16":"product-type-simple"},"brands":[{"id":27,"name":"Oriflame","slug":"https-cz-oriflame-com-cataloguesstorebeautyobchod"}],"_links":{"self":[{"href":"https:\/\/priroda-uvadi.cz\/beauty\/wp-json\/wp\/v2\/product\/7791","targetHints":{"allow":["GET"]}}],"collection":[{"href":"https:\/\/priroda-uvadi.cz\/beauty\/wp-json\/wp\/v2\/product"}],"about":[{"href":"https:\/\/priroda-uvadi.cz\/beauty\/wp-json\/wp\/v2\/types\/product"}],"replies":[{"embeddable":true,"href":"https:\/\/priroda-uvadi.cz\/beauty\/wp-json\/wp\/v2\/comments?post=7791"}],"wp:featuredmedia":[{"embeddable":true,"href":"https:\/\/priroda-uvadi.cz\/beauty\/wp-json\/wp\/v2\/media\/7792"}],"wp:attachment":[{"href":"https:\/\/priroda-uvadi.cz\/beauty\/wp-json\/wp\/v2\/media?parent=7791"}],"wp:term":[{"taxonomy":"pwb-brand","embeddable":true,"href":"https:\/\/priroda-uvadi.cz\/beauty\/wp-json\/wp\/v2\/pwb-brand?post=7791"},{"taxonomy":"product_brand","embeddable":true,"href":"https:\/\/priroda-uvadi.cz\/beauty\/wp-json\/wp\/v2\/product_brand?post=7791"},{"taxonomy":"product_cat","embeddable":true,"href":"https:\/\/priroda-uvadi.cz\/beauty\/wp-json\/wp\/v2\/product_cat?post=7791"},{"taxonomy":"product_tag","embeddable":true,"href":"https:\/\/priroda-uvadi.cz\/beauty\/wp-json\/wp\/v2\/product_tag?post=7791"}],"curies":[{"name":"wp","href":"https:\/\/api.w.org\/{rel}","templated":true}]}}