{"id":4812,"date":"2025-09-17T14:27:30","date_gmt":"2025-09-17T12:27:30","guid":{"rendered":"https:\/\/priroda-uvadi.cz\/beauty\/?post_type=product&#038;p=4812"},"modified":"2025-09-19T09:55:17","modified_gmt":"2025-09-19T07:55:17","slug":"vyhlazujici-ocni-krem-wrinkle-smooth-novage","status":"publish","type":"product","link":"https:\/\/priroda-uvadi.cz\/beauty\/produkt\/vyhlazujici-ocni-krem-wrinkle-smooth-novage\/","title":{"rendered":"Vyhlazuj\u00edc\u00ed o\u010dn\u00ed kr\u00e9m Wrinkle Smooth Novage+ 15ml"},"content":{"rendered":"<p class=\"MuiTypography-root MuiTypography-body1 product-detail-1uu937v\"><span style=\"font-family: arial, helvetica, sans-serif; color: #000000;\">O NOVAGE<\/span><\/p>\n<p><span style=\"font-family: arial, helvetica, sans-serif; color: #000000;\">Ritu\u00e1ly Novage+ posouvaj\u00ed vrstven\u00ed produkt\u016f na dal\u0161\u00ed \u00farove\u0148 a poskytuj\u00ed va\u0161\u00ed pleti v\u00edce. Ka\u017ed\u00fd produkt je navr\u017een tak, aby fungoval v dokonal\u00e9 synchronizaci s va\u0161\u00ed poko\u017ekou \u2013 a navz\u00e1jem \u2013 pro optim\u00e1ln\u00ed v\u00fdsledky. Celkov\u00fd v\u00fdkon pleti v pouh\u00fdch \u010dty\u0159ech kroc\u00edch. Postupujte podle ritu\u00e1lu dvakr\u00e1t denn\u011b ka\u017ed\u00fd den, a uvid\u00edte v\u00edce v\u00fdsledk\u016f \u2013 rychleji.<\/span><\/p>\n<p class=\"MuiTypography-root MuiTypography-body1 product-detail-1uu937v\"><span style=\"font-family: arial, helvetica, sans-serif; color: #000000;\">POPIS<\/span><\/p>\n<div>\n<p><span style=\"font-family: arial, helvetica, sans-serif; color: #000000;\">O\u010dn\u00ed kr\u00e9m Novage+ Wrinkle Smooth se \u00fa\u010dinn\u011b zam\u011b\u0159uje na jemn\u00e9 linky a vr\u00e1sky v\u010detn\u011b v\u011bj\u00ed\u0159k\u016f kolem o\u010d\u00ed a viditeln\u011b redukuje zn\u00e1mky \u00fanavy i otoky a tmav\u00e9 kruhy pod o\u010dima, o\u010di jsou sv\u011b\u017e\u00ed a projasn\u011bn\u00e9.<\/span><\/p>\n<p><span style=\"font-family: arial, helvetica, sans-serif; color: #000000;\">Obsahuje bio aktiva\u010dn\u00ed technologie s kosmeceutick\u00fdmi \u00fa\u010dinky a jemn\u011bj\u0161\u00edm p\u0159\u00edstupem k plet:<\/span><\/p>\n<p><span style=\"font-family: arial, helvetica, sans-serif; color: #000000;\"><strong>+ Bio CollagenPro<\/strong>\u00a0\u2013 stejn\u011b \u00fa\u010dinn\u00fd proti vr\u00e1sk\u00e1m jako retinol, ale \u0161etrn\u011bj\u0161\u00ed<sup>\u03943<\/sup><\/span><br \/>\n<span style=\"font-family: arial, helvetica, sans-serif; color: #000000;\"><strong>+ Eye Vital<\/strong>\u00a0\u2013 klinicky prok\u00e1zan\u00e1 schopnost redukovat viditelnost tmav\u00fdch kruh\u016f<sup>\u03943<\/sup><\/span><\/p>\n<p><span style=\"font-family: arial, helvetica, sans-serif; color: #000000;\"><strong>C\u00edl\u00ed na 4 hlavn\u00ed typy o\u010dn\u00edch vr\u00e1sek:<\/strong><\/span><br \/>\n<span style=\"font-family: arial, helvetica, sans-serif; color: #000000;\">+ Vr\u00e1sky pod o\u010dima<\/span><\/p>\n<p><span style=\"font-family: arial, helvetica, sans-serif; color: #000000;\">+ Z\u00e1hyby v o\u010dn\u00edm v\u00ed\u010dku<\/span><\/p>\n<p><span style=\"font-family: arial, helvetica, sans-serif; color: #000000;\">+ V\u011bj\u00ed\u0159ky v koutc\u00edch o\u010d\u00ed<\/span><\/p>\n<p><span style=\"font-family: arial, helvetica, sans-serif; color: #000000;\">+ Varh\u00e1nky pod o\u010dima<\/span><\/p>\n<p><span style=\"font-family: arial, helvetica, sans-serif; color: #000000;\"><strong>2D \u00fa\u010dinky ov\u011b\u0159en\u00e9 klinick\u00fdmi testy \u2013 redukuje d\u00e9lku i hloubku vr\u00e1sek<\/strong><sup>\u0394<\/sup><\/span><br \/>\n<span style=\"font-family: arial, helvetica, sans-serif; color: #000000;\"><strong>Klinicky prok\u00e1zan\u00e9 \u00fa\u010dinky ve zmen\u0161ov\u00e1n\u00ed opuchlin pod o\u010dima<\/strong><sup>\u0394<\/sup><\/span><br \/>\n<span style=\"font-family: arial, helvetica, sans-serif; color: #000000;\"><strong>Klinicky ov\u011b\u0159en\u00e1 redukce v\u011bj\u00ed\u0159k\u016f v koutku o\u010d\u00ed<\/strong><sup>\u0394<\/sup><\/span><br \/>\n<span style=\"font-family: arial, helvetica, sans-serif; color: #000000;\"><strong>97 % souhlas\u00ed, \u017ee ji\u017e b\u011bhem 2 t\u00fddn\u016f<\/strong>\u00a0do\u0161lo k redukci otok\u016f o\u010d\u00ed*<\/span><br \/>\n<span style=\"font-family: arial, helvetica, sans-serif; color: #000000;\"><strong>88 % souhlas\u00ed, \u017ee tmav\u00e9 kruhy vypadaj\u00ed men\u0161\u00ed<\/strong>*<\/span><br \/>\n<span style=\"font-family: arial, helvetica, sans-serif; color: #000000;\"><strong>97 % souhlas\u00ed, \u017ee o\u010di jsou pocitov\u011b zklidn\u011bn\u00e9 a chr\u00e1n\u011bn\u00e9<\/strong>*<\/span><\/p>\n<p><span style=\"font-family: arial, helvetica, sans-serif; color: #000000;\">S bio aktiva\u010dn\u00edmi technologiemi Bio CollagenPro a Eye Vital, kter\u00e1 obsahuje vysok\u00fd pod\u00edl flavonoid\u016f, a s nikotinamidem, skvalenem a bambuck\u00fdm m\u00e1slem. Zklid\u0148uj\u00edc\u00ed, multi-aktivn\u00ed receptura poko\u017eku vy\u017eivuje, hydratuje a chr\u00e1n\u00ed.<\/span><\/p>\n<p><span style=\"font-family: arial, helvetica, sans-serif; color: #000000;\">Oftalmologicky testov\u00e1no. Vhodn\u00fd pro v\u0161echny typy pleti v\u010detn\u011b citliv\u00e9.<\/span><\/p>\n<\/div>\n<p><span style=\"font-family: arial, helvetica, sans-serif; color: #000000;\">POU\u017dIT\u00cd<\/span><\/p>\n<p><span style=\"font-family: arial, helvetica, sans-serif; color: #000000;\"><strong>O\u010cI \u2013 VYVINUTO PRO CHOULOSTIV\u00c9 O\u010cN\u00cd OKOL\u00cd<\/strong><\/span><\/p>\n<p><span style=\"font-family: arial, helvetica, sans-serif; color: #000000;\">O\u010dn\u00ed kr\u00e9my Novage+ maj\u00ed lehkou texturu, nejsou parfemovan\u00e9 a jejich receptura se zam\u011b\u0159uje na vr\u00e1sky, tmav\u00e9 kruhy a otoky pod o\u010dima a na viditeln\u00e9 zn\u00e1mky \u00fanavy v k\u0159ehk\u00e9m o\u010dn\u00edm okol\u00ed. Naneste r\u00e1no a ve\u010der po vy\u010di\u0161t\u011bn\u00ed pleti:<\/span><\/p>\n<p><span style=\"font-family: arial, helvetica, sans-serif; color: #000000;\">+ Ke ka\u017ed\u00e9mu oku naneste malou te\u010dku kr\u00e9mu.<\/span><\/p>\n<p><span style=\"font-family: arial, helvetica, sans-serif; color: #000000;\">+ Po\u0165uk\u00e1v\u00e1n\u00edm kr\u00e9m naneste pod\u00e9l o\u010dnice.<\/span><\/p>\n<p><span style=\"font-family: arial, helvetica, sans-serif; color: #000000;\">+ Prsten\u00ed\u010dkem o\u010dn\u00ed kr\u00e9m jemn\u011b vklepejte do poko\u017eky, dokud se nevst\u0159eb\u00e1.<\/span><\/p>\n<p><span style=\"font-family: arial, helvetica, sans-serif; color: #000000;\">+ Jemnou ple\u0165 o\u010dn\u00edho okol\u00ed nemn\u011bte ani netahejte.<\/span><\/p>\n<p><span style=\"font-family: arial, helvetica, sans-serif; color: #000000;\">+ Vyhn\u011bte se p\u0159\u00edm\u00e9mu kontaktu s o\u010dima.<\/span><\/p>\n<p><span style=\"font-family: arial, helvetica, sans-serif; color: #000000;\"><strong>INGREDIENCE<\/strong><\/span><\/p>\n<p><span style=\"font-family: arial, helvetica, sans-serif; color: #000000;\">S bio aktiva\u010dn\u00edmi technologiemi Bio CollagenPro a Eye Vital a s nikotinamidem, skvalenem a bambuck\u00fdm m\u00e1slem.<\/span><\/p>\n<p><span style=\"font-family: arial, helvetica, sans-serif; color: #000000;\"><strong>Bio CollagenPro<\/strong><\/span><\/p>\n<p><span style=\"font-family: arial, helvetica, sans-serif; color: #000000;\">Tato technologie proti vr\u00e1sk\u00e1m p\u0159\u00edrodn\u00edho p\u016fvodu p\u016fsob\u00ed ob\u011bma sm\u011bry na rozhran\u00ed mezi epidermis a dermis, kde v dermis pom\u00e1h\u00e1 aktivovat vlastn\u00ed tvorbu kolagenu a v epidermis urychluje proces bun\u011b\u010dn\u00e9 obnovy, \u010d\u00edm\u017e vypl\u0148uje a vyhlazuje viditeln\u00e9 hlubok\u00e9 vr\u00e1sky. Testy prok\u00e1zaly, \u017ee m\u00e1 na vr\u00e1sky stejnou \u00fa\u010dinnost jako retinol<sup>\u03943<\/sup>, ale je \u0161etrn\u011bj\u0161\u00ed, \u010d\u00edm\u017e je obzvl\u00e1\u0161\u0165 vhodn\u00fd pro choulostiv\u00e9 o\u010dn\u00ed okol\u00ed.<strong>Eye Vital<\/strong><\/span><\/p>\n<p><span style=\"font-family: arial, helvetica, sans-serif; color: #000000;\">Technologie s vysok\u00fdm obsahem flavonoid\u016f p\u0159\u00edrodn\u00edho p\u016fvodu z arabsk\u00e9ho jasm\u00ednu a hlohu, kter\u00e9 spole\u010dn\u011b redukuj\u00ed viditeln\u00e9 projevy \u00fanavy a tmav\u00e9 kruhy pod o\u010dima a zmen\u0161uj\u00ed otoky. S klinicky ov\u011b\u0159en\u00fdmi \u00fa\u010dinky redukuje viditelnost tmav\u00fdch kruh\u016f pod o\u010dima<sup>\u03943<\/sup>.<\/span><\/p>\n<p><span style=\"font-family: arial, helvetica, sans-serif; color: #000000;\"><strong>Nikotinamid<\/strong><\/span><\/p>\n<p><span style=\"font-family: arial, helvetica, sans-serif; color: #000000;\">Aktivn\u00ed forma vitaminu B3, kter\u00fd poko\u017eku op\u011bt proz\u00e1\u0159\u00ed a hydratuje<\/span><\/p>\n<p><span style=\"font-family: arial, helvetica, sans-serif; color: #000000;\"><strong>Skvalen<\/strong><\/span><\/p>\n<p><span style=\"font-family: arial, helvetica, sans-serif; color: #000000;\">P\u0159\u00edsada napodobuj\u00edc\u00ed l\u00e1tky p\u0159irozen\u011b p\u0159\u00edtomn\u00e9 v pleti s hydrata\u010dn\u00edmi \u00fa\u010dinky, kter\u00e1 z\u00e1rove\u0148 pe\u010duje o ko\u017en\u00ed bari\u00e9ru.<strong>Bambuck\u00e9 m\u00e1slo<\/strong><\/span><\/p>\n<p><span style=\"font-family: arial, helvetica, sans-serif; color: #000000;\">P\u0159\u00edrodn\u00ed p\u0159\u00edsada poko\u017eku vy\u017eivuje a chr\u00e1n\u00ed ji proti vysou\u0161en\u00ed.<\/span><\/p>\n<p><span style=\"font-family: arial, helvetica, sans-serif; color: #000000;\"><sup>\u03943<\/sup>\u00a0Aktivn\u00ed p\u0159\u00edsada testovan\u00e1 v klinick\u00fdch testech.<\/span><\/p>\n<p><span style=\"font-family: arial, helvetica, sans-serif; font-size: 10pt; color: #000000;\">&#8212;&#8212;&#8212;&#8212;&#8212;&#8212;&#8212;&#8212;&#8212;&#8212;&#8212;&#8212;&#8212;&#8212;&#8212;&#8212;&#8212;&#8212;&#8212;&#8212;&#8212;&#8212;&#8212;&#8212;&#8212;&#8212;&#8212;&#8212;&#8212;&#8212;&#8212;&#8212;&#8212;&#8212;&#8212;&#8212;&#8212;&#8212;&#8212;<\/span><\/p>\n<div><span style=\"font-family: arial, helvetica, sans-serif; font-size: 10pt; color: #000000;\">V\u0161echny slo\u017eky<\/span><\/div>\n<div><span style=\"font-family: arial, helvetica, sans-serif; font-size: 10pt; color: #000000;\">AQUA, PROPANEDIOL, CAPRYLIC\/CAPRIC TRIGLYCERIDE, NIACINAMIDE, GLYCERIN, BETAINE, CETEARYL ALCOHOL, BUTYROSPERMUM PARKII BUTTER, CETEARETH-20, DIMETHICONE, ETHYLHEXYLGLYCERIN, VIGNA ACONITIFOLIA SEED EXTRACT, HYDROGENATED LECITHIN, CRATAEGUS MONOGYNA FLOWER EXTRACT, CARBOMER, GLYCERYL STEARATE CITRATE, HYDROXYACETOPHENONE, SQUALANE, TOCOPHERYL ACETATE, POLYGLYCERYL-3 STEARATE, MALTODEXTRIN, SODIUM HYDROXIDE, JASMINUM SAMBAC FLOWER EXTRACT, CITRIC ACID, TOCOPHEROL, DISODIUM EDTA, CAPRYLHYDROXAMIC ACID<\/span><\/div>\n","protected":false},"excerpt":{"rendered":"<div class=\"product-detail-n8g4sa\" data-testid=\"Presentation-product-detail-summary-info\"><span style=\"font-family: arial, helvetica, sans-serif; color: #000000;\">\u00da\u010dinn\u00fd, multi-aktivn\u00ed o\u010dn\u00ed kr\u00e9m proti st\u00e1rnut\u00ed, kter\u00fd c\u00edl\u00ed na jemn\u00e9 linky a vr\u00e1sky a okam\u017eit\u00fdm osv\u011b\u017een\u00edm unaven\u00fdch o\u010d\u00ed redukuje viditeln\u00e9 zn\u00e1mky vy\u010derp\u00e1n\u00ed. S technologi\u00ed Bio CollagenPro, kter\u00e1 pom\u00e1h\u00e1 aktivovat vlastn\u00ed tvorbu kolagenu v pleti, a Eye Vital s vysok\u00fdm obsahem flavonoid\u016f.<\/span><\/div>\n<div class=\"product-detail-yv4fe8\">\n<div class=\"product-detail-v4i4af\">\n<ul>\n<li class=\"product-detail-rn21vn\"><span style=\"font-family: arial, helvetica, sans-serif; color: #000000;\">Zam\u011b\u0159uje se na 4 hlavn\u00ed typy vr\u00e1sek v\u010detn\u011b v\u011bj\u00ed\u0159k\u016f v koutc\u00edch o\u010d\u00ed<\/span><\/li>\n<li class=\"product-detail-rn21vn\"><span style=\"font-family: arial, helvetica, sans-serif; color: #000000;\">Bio CollagenPro \u2013 na vr\u00e1sky p\u016fsob\u00ed se stejnou \u00fa\u010dinnost\u00ed jako retinol, ale je \u0161etrn\u011bj\u0161\u00ed<\/span><\/li>\n<li class=\"product-detail-rn21vn\"><span style=\"font-family: arial, helvetica, sans-serif; color: #000000;\">Vhodn\u00fd pro v\u0161echny typy pleti v\u010detn\u011b citliv\u00e9.<\/span><\/li>\n<\/ul>\n<p><span style=\"font-family: arial, helvetica, sans-serif; color: #000000;\">15ml<\/span><\/p>\n<\/div>\n<\/div>\n<div class=\"product-detail-vdfylx\">\n<div class=\"product-detail-d0oxj1\">\n<div class=\"product-detail-1yhj3ra\">\n<p class=\"product-detail-17mztir\" data-testid=\"Presentation-product-detail-LowestPreviousPrice\"><span style=\"font-family: arial, helvetica, sans-serif; font-size: 10pt;\">Nejni\u017e\u0161\u00ed cena platn\u00e1 ve 30 dnech p\u0159ed platnost\u00ed sou\u010dasn\u00e9 ceny byla 370 K\u010d<\/span><\/p>\n<\/div>\n<\/div>\n<\/div>\n","protected":false},"featured_media":4813,"comment_status":"closed","ping_status":"closed","template":"","meta":[],"pwb-brand":[27],"product_brand":[91],"product_cat":[41,30],"product_tag":[],"class_list":{"0":"post-4812","1":"product","2":"type-product","3":"status-publish","4":"has-post-thumbnail","6":"pwb-brand-https-cz-oriflame-com-cataloguesstorebeautyobchod","7":"product_brand-oriflame","8":"product_cat-ocni-pece","9":"product_cat-pece-o-plet","11":"first","12":"instock","13":"sale","14":"taxable","15":"shipping-taxable","16":"purchasable","17":"product-type-simple"},"brands":[{"id":27,"name":"Oriflame","slug":"https-cz-oriflame-com-cataloguesstorebeautyobchod"}],"_links":{"self":[{"href":"https:\/\/priroda-uvadi.cz\/beauty\/wp-json\/wp\/v2\/product\/4812","targetHints":{"allow":["GET"]}}],"collection":[{"href":"https:\/\/priroda-uvadi.cz\/beauty\/wp-json\/wp\/v2\/product"}],"about":[{"href":"https:\/\/priroda-uvadi.cz\/beauty\/wp-json\/wp\/v2\/types\/product"}],"replies":[{"embeddable":true,"href":"https:\/\/priroda-uvadi.cz\/beauty\/wp-json\/wp\/v2\/comments?post=4812"}],"wp:featuredmedia":[{"embeddable":true,"href":"https:\/\/priroda-uvadi.cz\/beauty\/wp-json\/wp\/v2\/media\/4813"}],"wp:attachment":[{"href":"https:\/\/priroda-uvadi.cz\/beauty\/wp-json\/wp\/v2\/media?parent=4812"}],"wp:term":[{"taxonomy":"pwb-brand","embeddable":true,"href":"https:\/\/priroda-uvadi.cz\/beauty\/wp-json\/wp\/v2\/pwb-brand?post=4812"},{"taxonomy":"product_brand","embeddable":true,"href":"https:\/\/priroda-uvadi.cz\/beauty\/wp-json\/wp\/v2\/product_brand?post=4812"},{"taxonomy":"product_cat","embeddable":true,"href":"https:\/\/priroda-uvadi.cz\/beauty\/wp-json\/wp\/v2\/product_cat?post=4812"},{"taxonomy":"product_tag","embeddable":true,"href":"https:\/\/priroda-uvadi.cz\/beauty\/wp-json\/wp\/v2\/product_tag?post=4812"}],"curies":[{"name":"wp","href":"https:\/\/api.w.org\/{rel}","templated":true}]}}